{"id":8279,"date":"2026-04-07T19:21:10","date_gmt":"2026-04-07T19:21:10","guid":{"rendered":"https:\/\/duckrabbit.sonnys.work\/product\/fabian-nachtlicht\/"},"modified":"2026-04-07T19:21:33","modified_gmt":"2026-04-07T19:21:33","slug":"fabian-nachtlicht","status":"publish","type":"product","link":"https:\/\/staging.duckrabbit.ch\/de\/product\/fabian-nachtlicht\/","title":{"rendered":"Fabian &#8211; Nachtlicht"},"content":{"rendered":"<p>    Expertenmeinung<br \/>\n    Cette veilleuse LED, au design r\u00e9confortant, est un pr\u00e9cieux compagnon pour aider \u00e0 r\u00e9guler les \u00e9motions.<\/p>\n<p>Les objets transitionnels tels que cette veilleuse, jouent un r\u00f4le significatif dans le r\u00e9confort et la stabilit\u00e9 \u00e9motionnelle, surtout pour les enfants. En offrant une source de lumi\u00e8re douce et apaisante, cette veilleuse cr\u00e9e un environnement rassurant et confortable qui aide \u00e0 calmer les \u00e9motions tumultueuses et favorise un sommeil r\u00e9parateur.<\/p>\n<p>De plus, le contr\u00f4le offert par le bouton marche\/arr\u00eat permet aux enfants de d\u00e9velopper un sentiment d&#x27;autonomie et de contr\u00f4le sur leur environnement, renfor\u00e7ant leur capacit\u00e9 \u00e0 r\u00e9guler leurs \u00e9motions de mani\u00e8re autonome.<\/p>\n","protected":false},"excerpt":{"rendered":"<p>Dieses fr\u00f6hliche LED-Nachtlicht ist mittles USB wiederaufladbar und wechselt die Farbe durch Antippen der R\u00fcckseite. Mit dem optionalen Timer schaltet sich das Nachtlicht nach 15 Minuten automatisch aus, oder bleibt die ganze Nacht an &#8211; beide Optionen sind dank dem An\/Aus-Knopf m\u00f6glich. Die weiche Textur erm\u00f6glicht es Kindern, mit Fabian zu kuscheln, w\u00e4hrend er sie in den Schlaf begleitet!<\/p>\n","protected":false},"featured_media":8280,"comment_status":"closed","ping_status":"closed","template":"","meta":{"_acf_changed":false},"product_brand":[],"product_cat":[843,1117],"product_tag":[],"class_list":{"0":"post-8279","1":"product","2":"type-product","3":"status-publish","4":"has-post-thumbnail","6":"product_cat-emotionen-de","7":"product_cat-schlaf-de","9":"first","10":"instock","11":"taxable","12":"shipping-taxable","13":"purchasable","14":"product-type-simple"},"acf":[],"_links":{"self":[{"href":"https:\/\/staging.duckrabbit.ch\/de\/wp-json\/wp\/v2\/product\/8279","targetHints":{"allow":["GET"]}}],"collection":[{"href":"https:\/\/staging.duckrabbit.ch\/de\/wp-json\/wp\/v2\/product"}],"about":[{"href":"https:\/\/staging.duckrabbit.ch\/de\/wp-json\/wp\/v2\/types\/product"}],"replies":[{"embeddable":true,"href":"https:\/\/staging.duckrabbit.ch\/de\/wp-json\/wp\/v2\/comments?post=8279"}],"wp:featuredmedia":[{"embeddable":true,"href":"https:\/\/staging.duckrabbit.ch\/de\/wp-json\/wp\/v2\/media\/8280"}],"wp:attachment":[{"href":"https:\/\/staging.duckrabbit.ch\/de\/wp-json\/wp\/v2\/media?parent=8279"}],"wp:term":[{"taxonomy":"product_brand","embeddable":true,"href":"https:\/\/staging.duckrabbit.ch\/de\/wp-json\/wp\/v2\/product_brand?post=8279"},{"taxonomy":"product_cat","embeddable":true,"href":"https:\/\/staging.duckrabbit.ch\/de\/wp-json\/wp\/v2\/product_cat?post=8279"},{"taxonomy":"product_tag","embeddable":true,"href":"https:\/\/staging.duckrabbit.ch\/de\/wp-json\/wp\/v2\/product_tag?post=8279"}],"curies":[{"name":"wp","href":"https:\/\/api.w.org\/{rel}","templated":true}]}}